{"id":2031,"date":"2026-03-11T15:41:11","date_gmt":"2026-03-11T14:41:11","guid":{"rendered":"http:\/\/camping.gorges-du-tarn.fr\/?page_id=2031"},"modified":"2026-04-06T15:36:51","modified_gmt":"2026-04-06T13:36:51","slug":"vermietung-mobilheime","status":"publish","type":"page","link":"https:\/\/camping.gorges-du-tarn.fr\/de\/location-mobil-homes\/","title":{"rendered":"Mobilheime | Sainte-Enimie | Tarnschlucht"},"content":{"rendered":"<div class=\"wp-block-citadela-blocks-custom-container citadela-block-custom-container size-wide bg-type-none inside-space-none\"><div class=\"inner-holder\">\n<div style=\"height:0px\" aria-hidden=\"true\" class=\"wp-block-spacer\"><\/div>\n\n\n\n<figure class=\"wp-block-image alignwide size-large\"><img loading=\"lazy\" decoding=\"async\" width=\"1024\" height=\"299\" src=\"https:\/\/camping.gorges-du-tarn.fr\/wp-content\/uploads\/2026\/03\/camping-castelbouc-mobil-homes-1200-350-1024x299.webp\" alt=\"\" class=\"wp-image-4567\" srcset=\"https:\/\/camping.gorges-du-tarn.fr\/wp-content\/uploads\/2026\/03\/camping-castelbouc-mobil-homes-1200-350-1024x299.webp 1024w, https:\/\/camping.gorges-du-tarn.fr\/wp-content\/uploads\/2026\/03\/camping-castelbouc-mobil-homes-1200-350-300x88.webp 300w, https:\/\/camping.gorges-du-tarn.fr\/wp-content\/uploads\/2026\/03\/camping-castelbouc-mobil-homes-1200-350-768x224.webp 768w, https:\/\/camping.gorges-du-tarn.fr\/wp-content\/uploads\/2026\/03\/camping-castelbouc-mobil-homes-1200-350-18x5.webp 18w, https:\/\/camping.gorges-du-tarn.fr\/wp-content\/uploads\/2026\/03\/camping-castelbouc-mobil-homes-1200-350.webp 1200w\" sizes=\"auto, (max-width: 1024px) 100vw, 1024px\" \/><\/figure>\n\n\n\n<h2 class=\"wp-block-heading has-text-align-center has-text-color\" style=\"color:#69bf53\"><strong>Vermietung unserer Mobilheime<\/strong><\/h2>\n\n\n\n<div class=\"wp-block-citadela-blocks-spacer citadela-block-spacer\"><div class=\"inner-holder\" style=\"padding-top:10px\"><\/div><\/div>\n\n\n\n<h3 class=\"wp-block-heading\"><strong>11 Vermietungen in Mobilheimen:<\/strong><\/h3>\n\n\n\n<ul class=\"wp-block-list\">\n<li>In der N\u00e4he: alle kleinen Gesch\u00e4fte und Dienstleistungen (Arzt, Apotheke, Krankenschwester, Post, Tabakladen, Souvenirs usw.) in Sainte-Enimie in 7 km Entfernung oder in Ispagnac in 9 km Entfernung.<\/li>\n<\/ul>\n\n\n\n<p class=\"has-text-align-center\"><strong><a href=\"https:\/\/camping.gorges-du-tarn.fr\/wp-content\/uploads\/2023\/03\/camping_le_site_de_castelbouc_plan_900x556.png\" target=\"_blank\" rel=\"noreferrer noopener\">Campingplatz-Karte<\/a><\/strong><\/p>\n\n\n\n<h3 class=\"wp-block-heading\"><strong>Wir bieten drei Arten von Mobilheimen an:<\/strong><\/h3>\n\n\n\n<ul class=\"wp-block-list\">\n<li><strong>LOGGIA GRIZZLY und KOMFORT:<\/strong> 4 bis 5 Personen, 24 bis 28 m\u00b2.<br>1 Schlafzimmer mit Doppelbett (140\u00d7190), 1 Schlafzimmer mit zwei Einzelbetten (80\u00d7190), Badezimmer mit Dusche und Waschbecken, separates WC, ausgestattete Wohnk\u00fcche (K\u00fchl-Gefrierkombination (115 Liter), Mikrowelle, 4-Flammen Gasherd, Geschirr, elektrische Kaffeemaschine).<br>Drau\u00dfen: integrierte Holzterrasse \u2013 Gartenm\u00f6bel, Gartentisch und B\u00e4nke, 2 Sonnenliegen.<\/li>\n<\/ul>\n\n\n\n<ul class=\"wp-block-list\">\n<li><strong>ESSENTIELL :<\/strong> 4 Personen, 28 m\u00b2.<br>1 Schlafzimmer mit Doppelbett (140\u00d7190), 1 Schlafzimmer mit zwei Einzelbetten (0,80\u00d7190), Badezimmer mit Dusche und Waschbecken, separates WC, ausgestattete Wohnk\u00fcche (K\u00fchlschrank (Tischplatte), Mikrowelle, 4-Flammen-Gasherd , Geschirr, elektrische Kaffeemaschine).<br>Drau\u00dfen: integrierte Holzterrasse, Gartentisch und B\u00e4nke, 2 Sonnenliegen.<\/li>\n<\/ul>\n\n\n\n<h3 class=\"wp-block-heading\"><strong><strong>Alle unsere Mobilheime sind ausgestattet mit:<\/strong><\/strong><\/h3>\n\n\n\n<ul class=\"wp-block-list\">\n<li>Kopfkissen, Federbetten;<\/li>\n\n\n\n<li>Bettw\u00e4sche und Kissenbez\u00fcge werden nicht gestellt;<\/li>\n\n\n\n<li>M\u00f6glichkeit, ein Kinderbett, einen Hochstuhl und eine Badewanne zu mieten;<\/li>\n\n\n\n<li>Wasser, Strom und Gas sind inklusive.<\/li>\n<\/ul>\n\n\n\n<p>F\u00fcr die Anmietung von Mobilheimen sind in der Nebensaison mindestens 2 N\u00e4chte und in der Hochsaison 7 N\u00e4chte erforderlich.&nbsp;<\/p>\n\n\n\n<p>Alle unsere Mobilheime befinden sich hundert Meter von der Rezeption und den n\u00e4chsten Stellpl\u00e4tzen entfernt, um mehr Ruhe und Frieden zu bieten.<br>Stellen Sie Bettw\u00e4sche, Handt\u00fccher und Reinigungsmittel bereit.<br><strong>Unser Plus<\/strong> : keine Buchungsgeb\u00fchren und 1 Stunde Stand Up Paddle gratis bei einer w\u00f6chentlichen Anmietung.<\/p>\n\n\n\n<p>Siehe die Anordnung der Mobilheime (Stellpl\u00e4tze 55 bis 61 und 63 bis 65) auf der <a href=\"https:\/\/camping.gorges-du-tarn.fr\/wp-content\/uploads\/2023\/03\/camping_le_site_de_castelbouc_plan_900x556.png\" target=\"_blank\" rel=\"noreferrer noopener\"><strong>Campingplatz-Karte<\/strong><\/a>.<\/p>\n\n\n\n<h3 class=\"wp-block-heading\"><strong>Dienstleistungen :<\/strong><\/h3>\n\n\n\n<ul class=\"wp-block-list\">\n<li>Verkauf von Brot und Geb\u00e4ck, Speiseeis, Getr\u00e4nken;<\/li>\n\n\n\n<li>Lebensmittelreparatur \u2013 Basisprodukte und Campinggas-Nachf\u00fcllungen, Verkauf von regionalen Produkten (Wein, Bier, Marmeladen, Honig usw.);<\/li>\n\n\n\n<li>Waschmaschine mit M\u00fcnzeinwurf.<\/li>\n<\/ul>\n\n\n\n<h3 class=\"wp-block-heading\"><strong>Auf dem Campingplatz:<\/strong><\/h3>\n\n\n\n<ul class=\"wp-block-list\">\n<li>WLAN-Zone in der N\u00e4he der Rezeption, Geschwindigkeit manchmal aufgrund geografischer Einschr\u00e4nkungen begrenzt;<\/li>\n\n\n\n<li>Tischtennisplatte \u2013 Tischfu\u00dfball \u2013 Bocciabahn \u2013 Spiele f\u00fcr Kinder \u2013 gemeinsamer Grillplatz;<\/li>\n\n\n\n<li>Privatstrand \u2013 Schwimmen \u2013 Angeln \u2013 <strong><a href=\"https:\/\/locanoe-gorgesdutarn.fr\" target=\"_blank\" rel=\"noreferrer noopener\">Verleih von Kanus und Kajaks und Stand Up Paddle<\/a><\/strong>.<\/li>\n<\/ul>\n\n\n\n<p class=\"has-text-align-center\"><strong><a href=\"http:\/\/camping.gorges-du-tarn.fr\/wp-content\/uploads\/cgv\/camping_le_site_de_castelbouc_cgv_2026.pdf\" type=\"link\" id=\"http:\/\/camping.gorges-du-tarn.fr\/wp-content\/uploads\/cgv\/camping_le_site_de_castelbouc_cgv_2026.pdf\" target=\"_blank\" rel=\"noreferrer noopener\">Laden Sie die Allgemeinen Gesch\u00e4ftsbedingungen f\u00fcr 2026 herunter.<\/a><\/strong><\/p>\n\n\n\n<hr class=\"wp-block-separator alignwide has-text-color has-alpha-channel-opacity has-background\" style=\"background-color:#69bf53;color:#69bf53\"\/>\n\n\n\n<h2 class=\"wp-block-heading has-text-align-center has-text-color\" style=\"color:#69bf53;font-style:normal;font-weight:700\">Preise f\u00fcr Mobilheime im Jahr 2026<\/h2>\n\n\n\n<p class=\"has-text-align-center\"><a href=\"https:\/\/camping.gorges-du-tarn.fr\/de\/vermietung-mobilheime\/preise-fur-mobilheime-im-jahr-2026\/\" type=\"link\" id=\"http:\/\/camping.gorges-du-tarn.fr\/wp-content\/uploads\/cgv\/camping_le_site_de_castelbouc_cgv_2026.pdf\"><strong>Sehen Sie sich die detaillierten Tarife f\u00fcr 2026 an.<\/strong><\/a><\/p>\n\n\n\n<div style=\"height:50px\" aria-hidden=\"true\" class=\"wp-block-spacer\"><\/div>\n\n\n\n<div class=\"wp-block-columns alignwide has-medium-font-size is-layout-flex wp-container-core-columns-is-layout-9d6595d7 wp-block-columns-is-layout-flex\">\n<div class=\"wp-block-column is-vertically-aligned-top has-white-background-color has-background is-layout-flow wp-block-column-is-layout-flow\">\n<h3 class=\"wp-block-heading has-text-align-center has-text-color\" style=\"color:#69bf53\">Loggia Grizzly \/ Die Woche<\/h3>\n\n\n\n<p class=\"has-text-align-center\" style=\"font-size:15px\">Von Samstag 16:00 Uhr bis Samstag 10:00 Uhr<\/p>\n\n\n\n<p class=\"has-text-align-center\"><strong>Kapazit\u00e4t 4 Personen<\/strong><br><strong>von 390 bis 750 \u20ac<\/strong><\/p>\n\n\n\n<figure class=\"wp-block-gallery has-nested-images columns-default is-cropped wp-block-gallery-1 is-layout-flex wp-block-gallery-is-layout-flex\">\n<figure data-wp-context=\"{&quot;imageId&quot;:&quot;69f5ba4f25bfc&quot;}\" data-wp-interactive=\"core\/image\" data-wp-key=\"69f5ba4f25bfc\" class=\"wp-block-image size-large wp-lightbox-container\"><img loading=\"lazy\" decoding=\"async\" width=\"400\" height=\"600\" data-wp-class--hide=\"state.isContentHidden\" data-wp-class--show=\"state.isContentVisible\" data-wp-init=\"callbacks.setButtonStyles\" data-wp-on--click=\"actions.showLightbox\" data-wp-on--load=\"callbacks.setButtonStyles\" data-wp-on-window--resize=\"callbacks.setButtonStyles\" data-id=\"2907\" src=\"https:\/\/camping.gorges-du-tarn.fr\/wp-content\/uploads\/2023\/01\/mh_confort_01_400x600.png\" alt=\"\" class=\"wp-image-2907\" srcset=\"https:\/\/camping.gorges-du-tarn.fr\/wp-content\/uploads\/2023\/01\/mh_confort_01_400x600.png 400w, https:\/\/camping.gorges-du-tarn.fr\/wp-content\/uploads\/2023\/01\/mh_confort_01_400x600-200x300.png 200w, https:\/\/camping.gorges-du-tarn.fr\/wp-content\/uploads\/2023\/01\/mh_confort_01_400x600-8x12.png 8w\" sizes=\"auto, (max-width: 400px) 100vw, 400px\" \/><button\n\t\t\tclass=\"lightbox-trigger\"\n\t\t\ttype=\"button\"\n\t\t\taria-haspopup=\"dialog\"\n\t\t\taria-label=\"Vergr\u00f6\u00dfern\"\n\t\t\tdata-wp-init=\"callbacks.initTriggerButton\"\n\t\t\tdata-wp-on--click=\"actions.showLightbox\"\n\t\t\tdata-wp-style--right=\"state.imageButtonRight\"\n\t\t\tdata-wp-style--top=\"state.imageButtonTop\"\n\t\t>\n\t\t\t<svg xmlns=\"http:\/\/www.w3.org\/2000\/svg\" width=\"12\" height=\"12\" fill=\"none\" viewbox=\"0 0 12 12\">\n\t\t\t\t<path fill=\"#fff\" d=\"M2 0a2 2 0 0 0-2 2v2h1.5V2a.5.5 0 0 1 .5-.5h2V0H2Zm2 10.5H2a.5.5 0 0 1-.5-.5V8H0v2a2 2 0 0 0 2 2h2v-1.5ZM8 12v-1.5h2a.5.5 0 0 0 .5-.5V8H12v2a2 2 0 0 1-2 2H8Zm2-12a2 2 0 0 1 2 2v2h-1.5V2a.5.5 0 0 0-.5-.5H8V0h2Z\" \/>\n\t\t\t<\/svg>\n\t\t<\/button><\/figure>\n\n\n\n<figure data-wp-context=\"{&quot;imageId&quot;:&quot;69f5ba4f260e7&quot;}\" data-wp-interactive=\"core\/image\" data-wp-key=\"69f5ba4f260e7\" class=\"wp-block-image size-full wp-lightbox-container\"><img loading=\"lazy\" decoding=\"async\" width=\"400\" height=\"600\" data-wp-class--hide=\"state.isContentHidden\" data-wp-class--show=\"state.isContentVisible\" data-wp-init=\"callbacks.setButtonStyles\" data-wp-on--click=\"actions.showLightbox\" data-wp-on--load=\"callbacks.setButtonStyles\" data-wp-on-window--resize=\"callbacks.setButtonStyles\" data-id=\"2754\" src=\"https:\/\/camping.gorges-du-tarn.fr\/wp-content\/uploads\/2023\/01\/IMG_6268_01_400x600.png\" alt=\"\" class=\"wp-image-2754\" srcset=\"https:\/\/camping.gorges-du-tarn.fr\/wp-content\/uploads\/2023\/01\/IMG_6268_01_400x600.png 400w, https:\/\/camping.gorges-du-tarn.fr\/wp-content\/uploads\/2023\/01\/IMG_6268_01_400x600-200x300.png 200w, https:\/\/camping.gorges-du-tarn.fr\/wp-content\/uploads\/2023\/01\/IMG_6268_01_400x600-8x12.png 8w\" sizes=\"auto, (max-width: 400px) 100vw, 400px\" \/><button\n\t\t\tclass=\"lightbox-trigger\"\n\t\t\ttype=\"button\"\n\t\t\taria-haspopup=\"dialog\"\n\t\t\taria-label=\"Vergr\u00f6\u00dfern\"\n\t\t\tdata-wp-init=\"callbacks.initTriggerButton\"\n\t\t\tdata-wp-on--click=\"actions.showLightbox\"\n\t\t\tdata-wp-style--right=\"state.imageButtonRight\"\n\t\t\tdata-wp-style--top=\"state.imageButtonTop\"\n\t\t>\n\t\t\t<svg xmlns=\"http:\/\/www.w3.org\/2000\/svg\" width=\"12\" height=\"12\" fill=\"none\" viewbox=\"0 0 12 12\">\n\t\t\t\t<path fill=\"#fff\" d=\"M2 0a2 2 0 0 0-2 2v2h1.5V2a.5.5 0 0 1 .5-.5h2V0H2Zm2 10.5H2a.5.5 0 0 1-.5-.5V8H0v2a2 2 0 0 0 2 2h2v-1.5ZM8 12v-1.5h2a.5.5 0 0 0 .5-.5V8H12v2a2 2 0 0 1-2 2H8Zm2-12a2 2 0 0 1 2 2v2h-1.5V2a.5.5 0 0 0-.5-.5H8V0h2Z\" \/>\n\t\t\t<\/svg>\n\t\t<\/button><\/figure>\n\n\n\n<figure data-wp-context=\"{&quot;imageId&quot;:&quot;69f5ba4f265b0&quot;}\" data-wp-interactive=\"core\/image\" data-wp-key=\"69f5ba4f265b0\" class=\"wp-block-image size-full wp-lightbox-container\"><img loading=\"lazy\" decoding=\"async\" width=\"400\" height=\"600\" data-wp-class--hide=\"state.isContentHidden\" data-wp-class--show=\"state.isContentVisible\" data-wp-init=\"callbacks.setButtonStyles\" data-wp-on--click=\"actions.showLightbox\" data-wp-on--load=\"callbacks.setButtonStyles\" data-wp-on-window--resize=\"callbacks.setButtonStyles\" data-id=\"2753\" src=\"https:\/\/camping.gorges-du-tarn.fr\/wp-content\/uploads\/2023\/01\/IMG_6258_01_400x600.png\" alt=\"\" class=\"wp-image-2753\" srcset=\"https:\/\/camping.gorges-du-tarn.fr\/wp-content\/uploads\/2023\/01\/IMG_6258_01_400x600.png 400w, https:\/\/camping.gorges-du-tarn.fr\/wp-content\/uploads\/2023\/01\/IMG_6258_01_400x600-200x300.png 200w, https:\/\/camping.gorges-du-tarn.fr\/wp-content\/uploads\/2023\/01\/IMG_6258_01_400x600-8x12.png 8w\" sizes=\"auto, (max-width: 400px) 100vw, 400px\" \/><button\n\t\t\tclass=\"lightbox-trigger\"\n\t\t\ttype=\"button\"\n\t\t\taria-haspopup=\"dialog\"\n\t\t\taria-label=\"Vergr\u00f6\u00dfern\"\n\t\t\tdata-wp-init=\"callbacks.initTriggerButton\"\n\t\t\tdata-wp-on--click=\"actions.showLightbox\"\n\t\t\tdata-wp-style--right=\"state.imageButtonRight\"\n\t\t\tdata-wp-style--top=\"state.imageButtonTop\"\n\t\t>\n\t\t\t<svg xmlns=\"http:\/\/www.w3.org\/2000\/svg\" width=\"12\" height=\"12\" fill=\"none\" viewbox=\"0 0 12 12\">\n\t\t\t\t<path fill=\"#fff\" d=\"M2 0a2 2 0 0 0-2 2v2h1.5V2a.5.5 0 0 1 .5-.5h2V0H2Zm2 10.5H2a.5.5 0 0 1-.5-.5V8H0v2a2 2 0 0 0 2 2h2v-1.5ZM8 12v-1.5h2a.5.5 0 0 0 .5-.5V8H12v2a2 2 0 0 1-2 2H8Zm2-12a2 2 0 0 1 2 2v2h-1.5V2a.5.5 0 0 0-.5-.5H8V0h2Z\" \/>\n\t\t\t<\/svg>\n\t\t<\/button><\/figure>\n<\/figure>\n<\/div>\n\n\n\n<div class=\"wp-block-column is-layout-flow wp-block-column-is-layout-flow\">\n<figure class=\"wp-block-table is-style-stripes\" style=\"font-size:14px\"><table class=\"has-white-background-color has-background\"><tbody><tr><td class=\"has-text-align-center\" data-align=\"center\">Kanuverleih vor Ort und Paddeln auf dem See \u2013 Siehe: <strong><a href=\"https:\/\/locanoe-gorgesdutarn.fr\/\">\u201cLocanoe\u201d<\/a><\/strong><\/td><\/tr><\/tbody><\/table><\/figure>\n\n\n\n<h5 class=\"wp-block-heading has-text-align-center has-text-color\" style=\"color:#69bf53\">Verf\u00fcgbarkeit und Preise pr\u00fcfen und das Mobilheim Loggia Grizzly (wochen- oder tageweise) f\u00fcr 4 Personen online buchen<\/h5>\n\n\n<p><ctv-availability data-product-id=\"145525\" data-background-color=\"#FFFFFFFF\" ><\/ctv-availability><\/p>\n<\/div>\n<\/div>\n\n\n\n<hr class=\"wp-block-separator alignwide has-text-color has-alpha-channel-opacity has-background\" style=\"background-color:#69bf53;color:#69bf53\"\/>\n\n\n\n<div class=\"wp-block-columns alignwide has-medium-font-size is-layout-flex wp-container-core-columns-is-layout-9d6595d7 wp-block-columns-is-layout-flex\">\n<div class=\"wp-block-column is-vertically-aligned-top has-white-background-color has-background is-layout-flow wp-block-column-is-layout-flow\">\n<h3 class=\"wp-block-heading has-text-align-center has-text-color\" style=\"color:#69bf53\">Loggia Grizzly \/ \u00dcbernachtung<\/h3>\n\n\n\n<p class=\"has-text-align-center\" style=\"font-size:15px\"><strong>Mindestens 2 N\u00e4chte<\/strong><\/p>\n\n\n\n<p class=\"has-text-align-center\"><strong>Kapazit\u00e4t 4 Personen<\/strong><br><strong>von 85 bis 90 \u20ac<\/strong><\/p>\n<\/div>\n\n\n\n<div class=\"wp-block-column is-layout-flow wp-block-column-is-layout-flow\">\n<figure class=\"wp-block-table is-style-stripes\" style=\"font-size:14px\"><table class=\"has-white-background-color has-background\"><tbody><tr><td class=\"has-text-align-center\" data-align=\"center\">Kanuverleih vor Ort und Paddeln auf dem See \u2013 Siehe: <strong><a href=\"https:\/\/locanoe-gorgesdutarn.fr\/\">\u201cLocanoe\u201d<\/a><\/strong><\/td><\/tr><\/tbody><\/table><\/figure>\n<\/div>\n<\/div>\n\n\n\n<hr class=\"wp-block-separator alignwide has-text-color has-alpha-channel-opacity has-background\" style=\"background-color:#69bf53;color:#69bf53\"\/>\n\n\n\n<div class=\"wp-block-columns alignwide has-medium-font-size is-layout-flex wp-container-core-columns-is-layout-9d6595d7 wp-block-columns-is-layout-flex\">\n<div class=\"wp-block-column is-vertically-aligned-top has-white-background-color has-background is-layout-flow wp-block-column-is-layout-flow\">\n<h3 class=\"wp-block-heading has-text-align-center has-text-color\" style=\"color:#69bf53\">Komfort \/ Die Woche<\/h3>\n\n\n\n<p class=\"has-text-align-center\" style=\"font-size:15px\">Von Samstag 16:00 Uhr bis Samstag 10:00 Uhr<\/p>\n\n\n\n<p class=\"has-text-align-center\"><strong>Kapazit\u00e4t 4 oder 5 Personen<\/strong><br><strong>von 370 \u20ac bis 730 \u20ac<\/strong><\/p>\n\n\n\n<figure class=\"wp-block-gallery has-nested-images columns-default is-cropped wp-block-gallery-2 is-layout-flex wp-block-gallery-is-layout-flex\">\n<figure data-wp-context=\"{&quot;imageId&quot;:&quot;69f5ba4f28075&quot;}\" data-wp-interactive=\"core\/image\" data-wp-key=\"69f5ba4f28075\" class=\"wp-block-image size-large wp-lightbox-container\"><img loading=\"lazy\" decoding=\"async\" width=\"900\" height=\"600\" data-wp-class--hide=\"state.isContentHidden\" data-wp-class--show=\"state.isContentVisible\" data-wp-init=\"callbacks.setButtonStyles\" data-wp-on--click=\"actions.showLightbox\" data-wp-on--load=\"callbacks.setButtonStyles\" data-wp-on-window--resize=\"callbacks.setButtonStyles\" data-id=\"2691\" src=\"https:\/\/camping.gorges-du-tarn.fr\/wp-content\/uploads\/2023\/01\/mh_confort_exterieur_gens_01_900x600.png\" alt=\"\" class=\"wp-image-2691\" srcset=\"https:\/\/camping.gorges-du-tarn.fr\/wp-content\/uploads\/2023\/01\/mh_confort_exterieur_gens_01_900x600.png 900w, https:\/\/camping.gorges-du-tarn.fr\/wp-content\/uploads\/2023\/01\/mh_confort_exterieur_gens_01_900x600-300x200.png 300w, https:\/\/camping.gorges-du-tarn.fr\/wp-content\/uploads\/2023\/01\/mh_confort_exterieur_gens_01_900x600-768x512.png 768w, https:\/\/camping.gorges-du-tarn.fr\/wp-content\/uploads\/2023\/01\/mh_confort_exterieur_gens_01_900x600-18x12.png 18w\" sizes=\"auto, (max-width: 900px) 100vw, 900px\" \/><button\n\t\t\tclass=\"lightbox-trigger\"\n\t\t\ttype=\"button\"\n\t\t\taria-haspopup=\"dialog\"\n\t\t\taria-label=\"Vergr\u00f6\u00dfern\"\n\t\t\tdata-wp-init=\"callbacks.initTriggerButton\"\n\t\t\tdata-wp-on--click=\"actions.showLightbox\"\n\t\t\tdata-wp-style--right=\"state.imageButtonRight\"\n\t\t\tdata-wp-style--top=\"state.imageButtonTop\"\n\t\t>\n\t\t\t<svg xmlns=\"http:\/\/www.w3.org\/2000\/svg\" width=\"12\" height=\"12\" fill=\"none\" viewbox=\"0 0 12 12\">\n\t\t\t\t<path fill=\"#fff\" d=\"M2 0a2 2 0 0 0-2 2v2h1.5V2a.5.5 0 0 1 .5-.5h2V0H2Zm2 10.5H2a.5.5 0 0 1-.5-.5V8H0v2a2 2 0 0 0 2 2h2v-1.5ZM8 12v-1.5h2a.5.5 0 0 0 .5-.5V8H12v2a2 2 0 0 1-2 2H8Zm2-12a2 2 0 0 1 2 2v2h-1.5V2a.5.5 0 0 0-.5-.5H8V0h2Z\" \/>\n\t\t\t<\/svg>\n\t\t<\/button><\/figure>\n\n\n\n<figure data-wp-context=\"{&quot;imageId&quot;:&quot;69f5ba4f28522&quot;}\" data-wp-interactive=\"core\/image\" data-wp-key=\"69f5ba4f28522\" class=\"wp-block-image size-large wp-lightbox-container\"><img loading=\"lazy\" decoding=\"async\" width=\"900\" height=\"600\" data-wp-class--hide=\"state.isContentHidden\" data-wp-class--show=\"state.isContentVisible\" data-wp-init=\"callbacks.setButtonStyles\" data-wp-on--click=\"actions.showLightbox\" data-wp-on--load=\"callbacks.setButtonStyles\" data-wp-on-window--resize=\"callbacks.setButtonStyles\" data-id=\"2874\" src=\"https:\/\/camping.gorges-du-tarn.fr\/wp-content\/uploads\/2023\/01\/mh_standard_exterieur_01_900x600.png\" alt=\"\" class=\"wp-image-2874\" srcset=\"https:\/\/camping.gorges-du-tarn.fr\/wp-content\/uploads\/2023\/01\/mh_standard_exterieur_01_900x600.png 900w, https:\/\/camping.gorges-du-tarn.fr\/wp-content\/uploads\/2023\/01\/mh_standard_exterieur_01_900x600-300x200.png 300w, https:\/\/camping.gorges-du-tarn.fr\/wp-content\/uploads\/2023\/01\/mh_standard_exterieur_01_900x600-768x512.png 768w, https:\/\/camping.gorges-du-tarn.fr\/wp-content\/uploads\/2023\/01\/mh_standard_exterieur_01_900x600-18x12.png 18w\" sizes=\"auto, (max-width: 900px) 100vw, 900px\" \/><button\n\t\t\tclass=\"lightbox-trigger\"\n\t\t\ttype=\"button\"\n\t\t\taria-haspopup=\"dialog\"\n\t\t\taria-label=\"Vergr\u00f6\u00dfern\"\n\t\t\tdata-wp-init=\"callbacks.initTriggerButton\"\n\t\t\tdata-wp-on--click=\"actions.showLightbox\"\n\t\t\tdata-wp-style--right=\"state.imageButtonRight\"\n\t\t\tdata-wp-style--top=\"state.imageButtonTop\"\n\t\t>\n\t\t\t<svg xmlns=\"http:\/\/www.w3.org\/2000\/svg\" width=\"12\" height=\"12\" fill=\"none\" viewbox=\"0 0 12 12\">\n\t\t\t\t<path fill=\"#fff\" d=\"M2 0a2 2 0 0 0-2 2v2h1.5V2a.5.5 0 0 1 .5-.5h2V0H2Zm2 10.5H2a.5.5 0 0 1-.5-.5V8H0v2a2 2 0 0 0 2 2h2v-1.5ZM8 12v-1.5h2a.5.5 0 0 0 .5-.5V8H12v2a2 2 0 0 1-2 2H8Zm2-12a2 2 0 0 1 2 2v2h-1.5V2a.5.5 0 0 0-.5-.5H8V0h2Z\" \/>\n\t\t\t<\/svg>\n\t\t<\/button><\/figure>\n\n\n\n<figure data-wp-context=\"{&quot;imageId&quot;:&quot;69f5ba4f289e0&quot;}\" data-wp-interactive=\"core\/image\" data-wp-key=\"69f5ba4f289e0\" class=\"wp-block-image size-large wp-lightbox-container\"><img loading=\"lazy\" decoding=\"async\" width=\"900\" height=\"601\" data-wp-class--hide=\"state.isContentHidden\" data-wp-class--show=\"state.isContentVisible\" data-wp-init=\"callbacks.setButtonStyles\" data-wp-on--click=\"actions.showLightbox\" data-wp-on--load=\"callbacks.setButtonStyles\" data-wp-on-window--resize=\"callbacks.setButtonStyles\" data-id=\"2690\" src=\"https:\/\/camping.gorges-du-tarn.fr\/wp-content\/uploads\/2023\/01\/mh_confort_chambre_01_900x600.png\" alt=\"\" class=\"wp-image-2690\" srcset=\"https:\/\/camping.gorges-du-tarn.fr\/wp-content\/uploads\/2023\/01\/mh_confort_chambre_01_900x600.png 900w, https:\/\/camping.gorges-du-tarn.fr\/wp-content\/uploads\/2023\/01\/mh_confort_chambre_01_900x600-300x200.png 300w, https:\/\/camping.gorges-du-tarn.fr\/wp-content\/uploads\/2023\/01\/mh_confort_chambre_01_900x600-768x513.png 768w, https:\/\/camping.gorges-du-tarn.fr\/wp-content\/uploads\/2023\/01\/mh_confort_chambre_01_900x600-18x12.png 18w\" sizes=\"auto, (max-width: 900px) 100vw, 900px\" \/><button\n\t\t\tclass=\"lightbox-trigger\"\n\t\t\ttype=\"button\"\n\t\t\taria-haspopup=\"dialog\"\n\t\t\taria-label=\"Vergr\u00f6\u00dfern\"\n\t\t\tdata-wp-init=\"callbacks.initTriggerButton\"\n\t\t\tdata-wp-on--click=\"actions.showLightbox\"\n\t\t\tdata-wp-style--right=\"state.imageButtonRight\"\n\t\t\tdata-wp-style--top=\"state.imageButtonTop\"\n\t\t>\n\t\t\t<svg xmlns=\"http:\/\/www.w3.org\/2000\/svg\" width=\"12\" height=\"12\" fill=\"none\" viewbox=\"0 0 12 12\">\n\t\t\t\t<path fill=\"#fff\" d=\"M2 0a2 2 0 0 0-2 2v2h1.5V2a.5.5 0 0 1 .5-.5h2V0H2Zm2 10.5H2a.5.5 0 0 1-.5-.5V8H0v2a2 2 0 0 0 2 2h2v-1.5ZM8 12v-1.5h2a.5.5 0 0 0 .5-.5V8H12v2a2 2 0 0 1-2 2H8Zm2-12a2 2 0 0 1 2 2v2h-1.5V2a.5.5 0 0 0-.5-.5H8V0h2Z\" \/>\n\t\t\t<\/svg>\n\t\t<\/button><\/figure>\n\n\n\n<figure data-wp-context=\"{&quot;imageId&quot;:&quot;69f5ba4f28e9f&quot;}\" data-wp-interactive=\"core\/image\" data-wp-key=\"69f5ba4f28e9f\" class=\"wp-block-image size-large wp-lightbox-container\"><img loading=\"lazy\" decoding=\"async\" width=\"900\" height=\"600\" data-wp-class--hide=\"state.isContentHidden\" data-wp-class--show=\"state.isContentVisible\" data-wp-init=\"callbacks.setButtonStyles\" data-wp-on--click=\"actions.showLightbox\" data-wp-on--load=\"callbacks.setButtonStyles\" data-wp-on-window--resize=\"callbacks.setButtonStyles\" data-id=\"2696\" src=\"https:\/\/camping.gorges-du-tarn.fr\/wp-content\/uploads\/2023\/01\/mh_confort_interieur_sejour_01_900x600.png\" alt=\"\" class=\"wp-image-2696\" srcset=\"https:\/\/camping.gorges-du-tarn.fr\/wp-content\/uploads\/2023\/01\/mh_confort_interieur_sejour_01_900x600.png 900w, https:\/\/camping.gorges-du-tarn.fr\/wp-content\/uploads\/2023\/01\/mh_confort_interieur_sejour_01_900x600-300x200.png 300w, https:\/\/camping.gorges-du-tarn.fr\/wp-content\/uploads\/2023\/01\/mh_confort_interieur_sejour_01_900x600-768x512.png 768w, https:\/\/camping.gorges-du-tarn.fr\/wp-content\/uploads\/2023\/01\/mh_confort_interieur_sejour_01_900x600-18x12.png 18w\" sizes=\"auto, (max-width: 900px) 100vw, 900px\" \/><button\n\t\t\tclass=\"lightbox-trigger\"\n\t\t\ttype=\"button\"\n\t\t\taria-haspopup=\"dialog\"\n\t\t\taria-label=\"Vergr\u00f6\u00dfern\"\n\t\t\tdata-wp-init=\"callbacks.initTriggerButton\"\n\t\t\tdata-wp-on--click=\"actions.showLightbox\"\n\t\t\tdata-wp-style--right=\"state.imageButtonRight\"\n\t\t\tdata-wp-style--top=\"state.imageButtonTop\"\n\t\t>\n\t\t\t<svg xmlns=\"http:\/\/www.w3.org\/2000\/svg\" width=\"12\" height=\"12\" fill=\"none\" viewbox=\"0 0 12 12\">\n\t\t\t\t<path fill=\"#fff\" d=\"M2 0a2 2 0 0 0-2 2v2h1.5V2a.5.5 0 0 1 .5-.5h2V0H2Zm2 10.5H2a.5.5 0 0 1-.5-.5V8H0v2a2 2 0 0 0 2 2h2v-1.5ZM8 12v-1.5h2a.5.5 0 0 0 .5-.5V8H12v2a2 2 0 0 1-2 2H8Zm2-12a2 2 0 0 1 2 2v2h-1.5V2a.5.5 0 0 0-.5-.5H8V0h2Z\" \/>\n\t\t\t<\/svg>\n\t\t<\/button><\/figure>\n<\/figure>\n<\/div>\n\n\n\n<div class=\"wp-block-column is-layout-flow wp-block-column-is-layout-flow\">\n<figure class=\"wp-block-table is-style-stripes\" style=\"font-size:14px\"><table class=\"has-white-background-color has-background\"><tbody><tr><td class=\"has-text-align-center\" data-align=\"center\">Kanuverleih vor Ort und Paddeln auf dem See \u2013 Siehe: <strong><a href=\"https:\/\/locanoe-gorgesdutarn.fr\/\">\u201cLocanoe\u201d<\/a><\/strong><\/td><\/tr><\/tbody><\/table><\/figure>\n\n\n\n<h5 class=\"wp-block-heading has-text-align-center has-text-color\" style=\"color:#69bf53\">Suchen Sie nach Verf\u00fcgbarkeit, Preisen und buchen Sie online Comfort-Mobilheime (wochen- oder tageweise) f\u00fcr 4 Personen<\/h5>\n\n\n<p><ctv-availability data-product-id=\"145523\" data-background-color=\"#FFFFFFFF\" ><\/ctv-availability><\/p>\n\n\n\n<h5 class=\"wp-block-heading has-text-align-center has-text-color\" style=\"color:#69bf53\">Suchen Sie nach Verf\u00fcgbarkeit, Preisen und buchen Sie online Comfort-Mobilheime (wochen- oder tageweise) f\u00fcr 5 Personen.<\/h5>\n\n\n<p><ctv-availability data-product-id=\"145524\" data-background-color=\"#FFFFFFFF\" ><\/ctv-availability><\/p>\n<\/div>\n<\/div>\n\n\n\n<hr class=\"wp-block-separator alignwide has-text-color has-alpha-channel-opacity has-background\" style=\"background-color:#69bf53;color:#69bf53\"\/>\n\n\n\n<div class=\"wp-block-columns alignwide has-medium-font-size is-layout-flex wp-container-core-columns-is-layout-9d6595d7 wp-block-columns-is-layout-flex\">\n<div class=\"wp-block-column is-vertically-aligned-top has-white-background-color has-background is-layout-flow wp-block-column-is-layout-flow\">\n<h3 class=\"wp-block-heading has-text-align-center has-text-color\" style=\"color:#69bf53\">Komfort \/ \u00dcbernachtung<\/h3>\n\n\n\n<p class=\"has-text-align-center\" style=\"font-size:15px\"><strong>Mindestens 2 N\u00e4chte<\/strong><\/p>\n\n\n\n<p class=\"has-text-align-center\"><strong>Kapazit\u00e4t 4 oder 5 Personen<\/strong><br><strong>von 80 bis 85 \u20ac<\/strong><\/p>\n<\/div>\n\n\n\n<div class=\"wp-block-column is-layout-flow wp-block-column-is-layout-flow\">\n<figure class=\"wp-block-table is-style-stripes\" style=\"font-size:14px\"><table class=\"has-white-background-color has-background\"><tbody><tr><td class=\"has-text-align-center\" data-align=\"center\">Kanuverleih vor Ort und Paddeln auf dem See \u2013 Siehe: <strong><a href=\"https:\/\/locanoe-gorgesdutarn.fr\/\">\u201cLocanoe\u201d<\/a><\/strong><\/td><\/tr><\/tbody><\/table><\/figure>\n<\/div>\n<\/div>\n\n\n\n<hr class=\"wp-block-separator alignwide has-text-color has-alpha-channel-opacity has-background\" style=\"background-color:#69bf53;color:#69bf53\"\/>\n\n\n\n<div class=\"wp-block-columns alignwide has-medium-font-size is-layout-flex wp-container-core-columns-is-layout-9d6595d7 wp-block-columns-is-layout-flex\">\n<div class=\"wp-block-column is-vertically-aligned-top has-white-background-color has-background is-layout-flow wp-block-column-is-layout-flow\">\n<h3 class=\"wp-block-heading has-text-align-center has-text-color\" style=\"color:#69bf53\">Wesentlich \/ Die Woche<\/h3>\n\n\n\n<h3 class=\"wp-block-heading has-text-align-center has-text-color\" style=\"color:#69bf53;font-size:1px\">Die Woche<\/h3>\n\n\n\n<p class=\"has-text-align-center\" style=\"font-size:15px\">Von Samstag 16:00 Uhr bis Samstag 10:00 Uhr<\/p>\n\n\n\n<p class=\"has-text-align-center\"><strong>Kapazit\u00e4t 4 Personen<\/strong><br><strong>von 350 \u20ac bis 620 \u20ac<\/strong><\/p>\n\n\n\n<figure class=\"wp-block-gallery has-nested-images columns-default is-cropped wp-block-gallery-3 is-layout-flex wp-block-gallery-is-layout-flex\">\n<figure data-wp-context=\"{&quot;imageId&quot;:&quot;69f5ba4f2a7ea&quot;}\" data-wp-interactive=\"core\/image\" data-wp-key=\"69f5ba4f2a7ea\" class=\"wp-block-image size-full wp-lightbox-container\"><img loading=\"lazy\" decoding=\"async\" width=\"900\" height=\"600\" data-wp-class--hide=\"state.isContentHidden\" data-wp-class--show=\"state.isContentVisible\" data-wp-init=\"callbacks.setButtonStyles\" data-wp-on--click=\"actions.showLightbox\" data-wp-on--load=\"callbacks.setButtonStyles\" data-wp-on-window--resize=\"callbacks.setButtonStyles\" data-id=\"2874\" src=\"https:\/\/camping.gorges-du-tarn.fr\/wp-content\/uploads\/2023\/01\/mh_standard_exterieur_01_900x600.png\" alt=\"\" class=\"wp-image-2874\" srcset=\"https:\/\/camping.gorges-du-tarn.fr\/wp-content\/uploads\/2023\/01\/mh_standard_exterieur_01_900x600.png 900w, https:\/\/camping.gorges-du-tarn.fr\/wp-content\/uploads\/2023\/01\/mh_standard_exterieur_01_900x600-300x200.png 300w, https:\/\/camping.gorges-du-tarn.fr\/wp-content\/uploads\/2023\/01\/mh_standard_exterieur_01_900x600-768x512.png 768w, https:\/\/camping.gorges-du-tarn.fr\/wp-content\/uploads\/2023\/01\/mh_standard_exterieur_01_900x600-18x12.png 18w\" sizes=\"auto, (max-width: 900px) 100vw, 900px\" \/><button\n\t\t\tclass=\"lightbox-trigger\"\n\t\t\ttype=\"button\"\n\t\t\taria-haspopup=\"dialog\"\n\t\t\taria-label=\"Vergr\u00f6\u00dfern\"\n\t\t\tdata-wp-init=\"callbacks.initTriggerButton\"\n\t\t\tdata-wp-on--click=\"actions.showLightbox\"\n\t\t\tdata-wp-style--right=\"state.imageButtonRight\"\n\t\t\tdata-wp-style--top=\"state.imageButtonTop\"\n\t\t>\n\t\t\t<svg xmlns=\"http:\/\/www.w3.org\/2000\/svg\" width=\"12\" height=\"12\" fill=\"none\" viewbox=\"0 0 12 12\">\n\t\t\t\t<path fill=\"#fff\" d=\"M2 0a2 2 0 0 0-2 2v2h1.5V2a.5.5 0 0 1 .5-.5h2V0H2Zm2 10.5H2a.5.5 0 0 1-.5-.5V8H0v2a2 2 0 0 0 2 2h2v-1.5ZM8 12v-1.5h2a.5.5 0 0 0 .5-.5V8H12v2a2 2 0 0 1-2 2H8Zm2-12a2 2 0 0 1 2 2v2h-1.5V2a.5.5 0 0 0-.5-.5H8V0h2Z\" \/>\n\t\t\t<\/svg>\n\t\t<\/button><\/figure>\n\n\n\n<figure data-wp-context=\"{&quot;imageId&quot;:&quot;69f5ba4f2acc0&quot;}\" data-wp-interactive=\"core\/image\" data-wp-key=\"69f5ba4f2acc0\" class=\"wp-block-image size-full wp-lightbox-container\"><img loading=\"lazy\" decoding=\"async\" width=\"900\" height=\"600\" data-wp-class--hide=\"state.isContentHidden\" data-wp-class--show=\"state.isContentVisible\" data-wp-init=\"callbacks.setButtonStyles\" data-wp-on--click=\"actions.showLightbox\" data-wp-on--load=\"callbacks.setButtonStyles\" data-wp-on-window--resize=\"callbacks.setButtonStyles\" data-id=\"2875\" src=\"https:\/\/camping.gorges-du-tarn.fr\/wp-content\/uploads\/2023\/01\/mh_standard_sejour_01_900x600.png\" alt=\"\" class=\"wp-image-2875\" srcset=\"https:\/\/camping.gorges-du-tarn.fr\/wp-content\/uploads\/2023\/01\/mh_standard_sejour_01_900x600.png 900w, https:\/\/camping.gorges-du-tarn.fr\/wp-content\/uploads\/2023\/01\/mh_standard_sejour_01_900x600-300x200.png 300w, https:\/\/camping.gorges-du-tarn.fr\/wp-content\/uploads\/2023\/01\/mh_standard_sejour_01_900x600-768x512.png 768w, https:\/\/camping.gorges-du-tarn.fr\/wp-content\/uploads\/2023\/01\/mh_standard_sejour_01_900x600-18x12.png 18w\" sizes=\"auto, (max-width: 900px) 100vw, 900px\" \/><button\n\t\t\tclass=\"lightbox-trigger\"\n\t\t\ttype=\"button\"\n\t\t\taria-haspopup=\"dialog\"\n\t\t\taria-label=\"Vergr\u00f6\u00dfern\"\n\t\t\tdata-wp-init=\"callbacks.initTriggerButton\"\n\t\t\tdata-wp-on--click=\"actions.showLightbox\"\n\t\t\tdata-wp-style--right=\"state.imageButtonRight\"\n\t\t\tdata-wp-style--top=\"state.imageButtonTop\"\n\t\t>\n\t\t\t<svg xmlns=\"http:\/\/www.w3.org\/2000\/svg\" width=\"12\" height=\"12\" fill=\"none\" viewbox=\"0 0 12 12\">\n\t\t\t\t<path fill=\"#fff\" d=\"M2 0a2 2 0 0 0-2 2v2h1.5V2a.5.5 0 0 1 .5-.5h2V0H2Zm2 10.5H2a.5.5 0 0 1-.5-.5V8H0v2a2 2 0 0 0 2 2h2v-1.5ZM8 12v-1.5h2a.5.5 0 0 0 .5-.5V8H12v2a2 2 0 0 1-2 2H8Zm2-12a2 2 0 0 1 2 2v2h-1.5V2a.5.5 0 0 0-.5-.5H8V0h2Z\" \/>\n\t\t\t<\/svg>\n\t\t<\/button><\/figure>\n\n\n\n<figure data-wp-context=\"{&quot;imageId&quot;:&quot;69f5ba4f2b180&quot;}\" data-wp-interactive=\"core\/image\" data-wp-key=\"69f5ba4f2b180\" class=\"wp-block-image size-full wp-lightbox-container\"><img loading=\"lazy\" decoding=\"async\" width=\"900\" height=\"600\" data-wp-class--hide=\"state.isContentHidden\" data-wp-class--show=\"state.isContentVisible\" data-wp-init=\"callbacks.setButtonStyles\" data-wp-on--click=\"actions.showLightbox\" data-wp-on--load=\"callbacks.setButtonStyles\" data-wp-on-window--resize=\"callbacks.setButtonStyles\" data-id=\"2873\" src=\"https:\/\/camping.gorges-du-tarn.fr\/wp-content\/uploads\/2023\/01\/mh_standard_chambre_01_900x600.png\" alt=\"\" class=\"wp-image-2873\" srcset=\"https:\/\/camping.gorges-du-tarn.fr\/wp-content\/uploads\/2023\/01\/mh_standard_chambre_01_900x600.png 900w, https:\/\/camping.gorges-du-tarn.fr\/wp-content\/uploads\/2023\/01\/mh_standard_chambre_01_900x600-300x200.png 300w, https:\/\/camping.gorges-du-tarn.fr\/wp-content\/uploads\/2023\/01\/mh_standard_chambre_01_900x600-768x512.png 768w, https:\/\/camping.gorges-du-tarn.fr\/wp-content\/uploads\/2023\/01\/mh_standard_chambre_01_900x600-18x12.png 18w\" sizes=\"auto, (max-width: 900px) 100vw, 900px\" \/><button\n\t\t\tclass=\"lightbox-trigger\"\n\t\t\ttype=\"button\"\n\t\t\taria-haspopup=\"dialog\"\n\t\t\taria-label=\"Vergr\u00f6\u00dfern\"\n\t\t\tdata-wp-init=\"callbacks.initTriggerButton\"\n\t\t\tdata-wp-on--click=\"actions.showLightbox\"\n\t\t\tdata-wp-style--right=\"state.imageButtonRight\"\n\t\t\tdata-wp-style--top=\"state.imageButtonTop\"\n\t\t>\n\t\t\t<svg xmlns=\"http:\/\/www.w3.org\/2000\/svg\" width=\"12\" height=\"12\" fill=\"none\" viewbox=\"0 0 12 12\">\n\t\t\t\t<path fill=\"#fff\" d=\"M2 0a2 2 0 0 0-2 2v2h1.5V2a.5.5 0 0 1 .5-.5h2V0H2Zm2 10.5H2a.5.5 0 0 1-.5-.5V8H0v2a2 2 0 0 0 2 2h2v-1.5ZM8 12v-1.5h2a.5.5 0 0 0 .5-.5V8H12v2a2 2 0 0 1-2 2H8Zm2-12a2 2 0 0 1 2 2v2h-1.5V2a.5.5 0 0 0-.5-.5H8V0h2Z\" \/>\n\t\t\t<\/svg>\n\t\t<\/button><\/figure>\n<\/figure>\n<\/div>\n\n\n\n<div class=\"wp-block-column is-layout-flow wp-block-column-is-layout-flow\">\n<figure class=\"wp-block-table is-style-stripes\" style=\"font-size:14px\"><table class=\"has-white-background-color has-background\"><tbody><tr><td class=\"has-text-align-center\" data-align=\"center\">Kanuverleih vor Ort und Paddeln auf dem See \u2013 Siehe: <strong><a href=\"https:\/\/locanoe-gorgesdutarn.fr\/\">\u201cLocanoe\u201d<\/a><\/strong><\/td><\/tr><\/tbody><\/table><\/figure>\n\n\n\n<h5 class=\"wp-block-heading has-text-align-center has-text-color\" style=\"color:#69bf53\">Suchen Sie nach Verf\u00fcgbarkeit, Preisen und Online-Buchungsm\u00f6glichkeiten f\u00fcr das Mobilheim Essential (wochen- oder tageweise) f\u00fcr 4 Personen<\/h5>\n\n\n<p><ctv-availability data-product-id=\"145520\" data-background-color=\"#FFFFFFFF\" ><\/ctv-availability><\/p>\n<\/div>\n<\/div>\n\n\n\n<hr class=\"wp-block-separator alignwide has-text-color has-alpha-channel-opacity has-background\" style=\"background-color:#69bf53;color:#69bf53\"\/>\n\n\n\n<div class=\"wp-block-columns alignwide has-medium-font-size is-layout-flex wp-container-core-columns-is-layout-9d6595d7 wp-block-columns-is-layout-flex\">\n<div class=\"wp-block-column is-vertically-aligned-top has-white-background-color has-background is-layout-flow wp-block-column-is-layout-flow\">\n<h3 class=\"wp-block-heading has-text-align-center has-text-color\" style=\"color:#69bf53\">Unverzichtbar \/ \u00dcbernachtung<\/h3>\n\n\n\n<p class=\"has-text-align-center\" style=\"font-size:15px\"><strong>Mindestens 2 N\u00e4chte<\/strong><\/p>\n\n\n\n<p class=\"has-text-align-center\"><strong>Kapazit\u00e4t 4 Personen<\/strong><br><strong>71 \u20ac<\/strong><\/p>\n<\/div>\n\n\n\n<div class=\"wp-block-column is-layout-flow wp-block-column-is-layout-flow\">\n<figure class=\"wp-block-table is-style-stripes\" style=\"font-size:14px\"><table class=\"has-white-background-color has-background\"><tbody><tr><td class=\"has-text-align-center\" data-align=\"center\">Kanuverleih vor Ort und Paddeln auf dem See \u2013 Siehe: <strong><a href=\"https:\/\/locanoe-gorgesdutarn.fr\/\">\u201cLocanoe\u201d<\/a><\/strong><\/td><\/tr><\/tbody><\/table><\/figure>\n<\/div>\n<\/div>\n\n\n\n<hr class=\"wp-block-separator alignwide has-text-color has-alpha-channel-opacity has-background\" style=\"background-color:#69bf53;color:#69bf53\"\/>\n\n\n\n<div class=\"wp-block-buttons alignwide is-content-justification-center is-layout-flex wp-container-core-buttons-is-layout-16018d1d wp-block-buttons-is-layout-flex\">\n<div class=\"wp-block-button has-custom-width wp-block-button__width-50 aligncenter is-style-fill\"><a class=\"wp-block-button__link has-background wp-element-button\" href=\"https:\/\/camping.gorges-du-tarn.fr\/de\/reservierungen-verfugbarkeit\/\" style=\"border-radius:20px;background-color:#69bf53\">Sehen Sie sich alle Fahrpl\u00e4ne an und suchen Sie nach Verf\u00fcgbarkeit<\/a><\/div>\n<\/div>\n\n\n\n<hr class=\"wp-block-separator alignwide has-text-color has-alpha-channel-opacity has-background\" style=\"background-color:#69bf53;color:#69bf53\"\/>\n<\/div><\/div>","protected":false},"excerpt":{"rendered":"","protected":false},"author":2,"featured_media":0,"parent":0,"menu_order":0,"comment_status":"closed","ping_status":"closed","template":"","meta":{"_citadela_hide_page_title":"1","_citadela_remove_header_space":"1","_citadela_custom_class":"","_citadela_half_map_provider":"","_citadela_half_map_theme":"","_citadela_half_map_themeOSM":"","_citadela_half_map_customTheme":"","_citadela_half_map_dataType":"","_citadela_half_map_dynamicTrack":false,"_citadela_half_map_trackColor":"","_citadela_half_map_trackEndpointsColor":"","_citadela_half_map_filterCategory":"","_citadela_half_map_filterLocation":"","_citadela_half_map_filterFeatured":false,"_citadela_half_map_noDataBehavior":"empty-map","_citadela_half_map_noDataText":"","_citadela_half_map_clusterGridSize":80,"_citadela_header":false,"_citadela_header_over_content":true,"_citadela_header_text_color":"","_citadela_header_logo":[],"_citadela_header_bg_image":{"id":2865,"url":"https:\/\/camping.gorges-du-tarn.fr\/wp-content\/uploads\/2023\/01\/filles_allee_camping_01_1920x350.png","size":{"width":1920,"height":350}},"_citadela_header_bg_position":{"x":0.5,"y":0.5},"_citadela_header_bg_size":"cover","_citadela_header_bg_repeat":"no-repeat","_citadela_header_bg_fixed":false,"_citadela_header_bg_color":"","_citadela_header_bg_image_overlay":"","_citadela_header_transparent_bg":false,"_citadela_content_width":"default","_citadela_half_layout_position":"","footnotes":""},"class_list":["post-2031","page","type-page","status-publish","hentry"],"yoast_head":"<!-- This site is optimized with the Yoast SEO plugin v27.5 - https:\/\/yoast.com\/product\/yoast-seo-wordpress\/ -->\n<title>Mobil homes | Sainte-Enimie | Gorges du Tarn - Camping Le Site de Castelbouc<\/title>\n<meta name=\"description\" content=\"Camping familial \u2605\u2605 \u00e0 Sainte\u2011Enimie (Loz\u00e8re) - Plage priv\u00e9e sur le Tarn, d\u00e9part cano\u00eb sur place, mobil-homes, tipis et emplacements. Wifi, laverie, accueil randonneurs. Contact : camping.de.castelbouc@gorges-du-tarn.fr\" \/>\n<meta name=\"robots\" content=\"index, follow, max-snippet:-1, max-image-preview:large, max-video-preview:-1\" \/>\n<link rel=\"canonical\" href=\"https:\/\/camping.gorges-du-tarn.fr\/de\/vermietung-mobilheime\/\" \/>\n<meta property=\"og:locale\" content=\"de_DE\" \/>\n<meta property=\"og:type\" content=\"article\" \/>\n<meta property=\"og:title\" content=\"Mobil homes | Sainte-Enimie | Gorges du Tarn - Camping Le Site de Castelbouc\" \/>\n<meta property=\"og:description\" content=\"Camping familial \u2605\u2605 \u00e0 Sainte\u2011Enimie (Loz\u00e8re) - Plage priv\u00e9e sur le Tarn, d\u00e9part cano\u00eb sur place, mobil-homes, tipis et emplacements. Wifi, laverie, accueil randonneurs. Contact : camping.de.castelbouc@gorges-du-tarn.fr\" \/>\n<meta property=\"og:url\" content=\"https:\/\/camping.gorges-du-tarn.fr\/de\/vermietung-mobilheime\/\" \/>\n<meta property=\"og:site_name\" content=\"Camping Le Site de Castelbouc\" \/>\n<meta property=\"article:publisher\" content=\"https:\/\/www.facebook.com\/Camping.Castelbouc.Gorges.du.Tarn\/\" \/>\n<meta property=\"article:modified_time\" content=\"2026-04-06T13:36:51+00:00\" \/>\n<meta property=\"og:image\" content=\"https:\/\/camping.gorges-du-tarn.fr\/wp-content\/uploads\/2026\/03\/camping-castelbouc-mobil-homes-1200-350.webp\" \/>\n\t<meta property=\"og:image:width\" content=\"1200\" \/>\n\t<meta property=\"og:image:height\" content=\"350\" \/>\n\t<meta property=\"og:image:type\" content=\"image\/webp\" \/>\n<meta name=\"twitter:card\" content=\"summary_large_image\" \/>\n<meta name=\"twitter:label1\" content=\"Gesch\u00e4tzte Lesezeit\" \/>\n\t<meta name=\"twitter:data1\" content=\"6\u00a0Minuten\" \/>\n<script type=\"application\/ld+json\" class=\"yoast-schema-graph\">{\"@context\":\"https:\\\/\\\/schema.org\",\"@graph\":[{\"@type\":\"WebPage\",\"@id\":\"https:\\\/\\\/camping.gorges-du-tarn.fr\\\/location-mobil-homes\\\/\",\"url\":\"https:\\\/\\\/camping.gorges-du-tarn.fr\\\/location-mobil-homes\\\/\",\"name\":\"Mobil homes | Sainte-Enimie | Gorges du Tarn - Camping Le Site de Castelbouc\",\"isPartOf\":{\"@id\":\"https:\\\/\\\/camping.gorges-du-tarn.fr\\\/#website\"},\"primaryImageOfPage\":{\"@id\":\"https:\\\/\\\/camping.gorges-du-tarn.fr\\\/location-mobil-homes\\\/#primaryimage\"},\"image\":{\"@id\":\"https:\\\/\\\/camping.gorges-du-tarn.fr\\\/location-mobil-homes\\\/#primaryimage\"},\"thumbnailUrl\":\"https:\\\/\\\/camping.gorges-du-tarn.fr\\\/wp-content\\\/uploads\\\/2026\\\/03\\\/camping-castelbouc-mobil-homes-1200-350-1024x299.webp\",\"datePublished\":\"2026-03-11T14:41:11+00:00\",\"dateModified\":\"2026-04-06T13:36:51+00:00\",\"description\":\"Camping familial \u2605\u2605 \u00e0 Sainte\u2011Enimie (Loz\u00e8re) - Plage priv\u00e9e sur le Tarn, d\u00e9part cano\u00eb sur place, mobil-homes, tipis et emplacements. Wifi, laverie, accueil randonneurs. Contact : camping.de.castelbouc@gorges-du-tarn.fr\",\"breadcrumb\":{\"@id\":\"https:\\\/\\\/camping.gorges-du-tarn.fr\\\/location-mobil-homes\\\/#breadcrumb\"},\"inLanguage\":\"de\",\"potentialAction\":[{\"@type\":\"ReadAction\",\"target\":[\"https:\\\/\\\/camping.gorges-du-tarn.fr\\\/location-mobil-homes\\\/\"]}]},{\"@type\":\"ImageObject\",\"inLanguage\":\"de\",\"@id\":\"https:\\\/\\\/camping.gorges-du-tarn.fr\\\/location-mobil-homes\\\/#primaryimage\",\"url\":\"https:\\\/\\\/camping.gorges-du-tarn.fr\\\/wp-content\\\/uploads\\\/2026\\\/03\\\/camping-castelbouc-mobil-homes-1200-350-1024x299.webp\",\"contentUrl\":\"https:\\\/\\\/camping.gorges-du-tarn.fr\\\/wp-content\\\/uploads\\\/2026\\\/03\\\/camping-castelbouc-mobil-homes-1200-350-1024x299.webp\"},{\"@type\":\"BreadcrumbList\",\"@id\":\"https:\\\/\\\/camping.gorges-du-tarn.fr\\\/location-mobil-homes\\\/#breadcrumb\",\"itemListElement\":[{\"@type\":\"ListItem\",\"position\":1,\"name\":\"Accueil\",\"item\":\"https:\\\/\\\/camping.gorges-du-tarn.fr\\\/\"},{\"@type\":\"ListItem\",\"position\":2,\"name\":\"Mobil homes | Sainte-Enimie | Gorges du Tarn\"}]},{\"@type\":\"WebSite\",\"@id\":\"https:\\\/\\\/camping.gorges-du-tarn.fr\\\/#website\",\"url\":\"https:\\\/\\\/camping.gorges-du-tarn.fr\\\/\",\"name\":\"Camping Le Site de Castelbouc\",\"description\":\"Sainte-Enimie - Loz\u00e8re - Occitanie\",\"publisher\":{\"@id\":\"https:\\\/\\\/camping.gorges-du-tarn.fr\\\/#organization\"},\"alternateName\":\"Camping de Castelbouc\",\"potentialAction\":[{\"@type\":\"SearchAction\",\"target\":{\"@type\":\"EntryPoint\",\"urlTemplate\":\"https:\\\/\\\/camping.gorges-du-tarn.fr\\\/?s={search_term_string}\"},\"query-input\":{\"@type\":\"PropertyValueSpecification\",\"valueRequired\":true,\"valueName\":\"search_term_string\"}}],\"inLanguage\":\"de\"},{\"@type\":\"Organization\",\"@id\":\"https:\\\/\\\/camping.gorges-du-tarn.fr\\\/#organization\",\"name\":\"Camping \\\"Le Site de Castelbouc\\\"\",\"alternateName\":\"Le Site de Castelbouc\",\"url\":\"https:\\\/\\\/camping.gorges-du-tarn.fr\\\/\",\"logo\":{\"@type\":\"ImageObject\",\"inLanguage\":\"de\",\"@id\":\"https:\\\/\\\/camping.gorges-du-tarn.fr\\\/#\\\/schema\\\/logo\\\/image\\\/\",\"url\":\"https:\\\/\\\/camping.gorges-du-tarn.fr\\\/wp-content\\\/uploads\\\/2023\\\/03\\\/cropped-camping_le_site_de_castelbouc_logo_267x125.png\",\"contentUrl\":\"https:\\\/\\\/camping.gorges-du-tarn.fr\\\/wp-content\\\/uploads\\\/2023\\\/03\\\/cropped-camping_le_site_de_castelbouc_logo_267x125.png\",\"width\":267,\"height\":125,\"caption\":\"Camping \\\"Le Site de Castelbouc\\\"\"},\"image\":{\"@id\":\"https:\\\/\\\/camping.gorges-du-tarn.fr\\\/#\\\/schema\\\/logo\\\/image\\\/\"},\"sameAs\":[\"https:\\\/\\\/www.facebook.com\\\/Camping.Castelbouc.Gorges.du.Tarn\\\/\"]}]}<\/script>\n<!-- \/ Yoast SEO plugin. -->","yoast_head_json":{"title":"Mobilheime | Sainte-Enimie | Tarn-Schluchten \u2013 Campingplatz Le Site de Castelbouc","description":"Familiengef\u00fchrter Campingplatz \u2605\u2605 in Sainte-Enimie (Loz\u00e8re) \u2013 Privatstrand am Tarn, Kanueinstiegsstelle direkt am Gel\u00e4nde, Mobilheime, Tipis und Stellpl\u00e4tze. WLAN, W\u00e4schem\u00f6glichkeiten, Wanderer willkommen. Kontakt: camping.de.castelbouc@gorges-du-tarn.fr","robots":{"index":"index","follow":"follow","max-snippet":"max-snippet:-1","max-image-preview":"max-image-preview:large","max-video-preview":"max-video-preview:-1"},"canonical":"https:\/\/camping.gorges-du-tarn.fr\/de\/vermietung-mobilheime\/","og_locale":"de_DE","og_type":"article","og_title":"Mobil homes | Sainte-Enimie | Gorges du Tarn - Camping Le Site de Castelbouc","og_description":"Camping familial \u2605\u2605 \u00e0 Sainte\u2011Enimie (Loz\u00e8re) - Plage priv\u00e9e sur le Tarn, d\u00e9part cano\u00eb sur place, mobil-homes, tipis et emplacements. Wifi, laverie, accueil randonneurs. Contact : camping.de.castelbouc@gorges-du-tarn.fr","og_url":"https:\/\/camping.gorges-du-tarn.fr\/de\/vermietung-mobilheime\/","og_site_name":"Camping Le Site de Castelbouc","article_publisher":"https:\/\/www.facebook.com\/Camping.Castelbouc.Gorges.du.Tarn\/","article_modified_time":"2026-04-06T13:36:51+00:00","og_image":[{"width":1200,"height":350,"url":"https:\/\/camping.gorges-du-tarn.fr\/wp-content\/uploads\/2026\/03\/camping-castelbouc-mobil-homes-1200-350.webp","type":"image\/webp"}],"twitter_card":"summary_large_image","twitter_misc":{"Gesch\u00e4tzte Lesezeit":"6\u00a0Minuten"},"schema":{"@context":"https:\/\/schema.org","@graph":[{"@type":"WebPage","@id":"https:\/\/camping.gorges-du-tarn.fr\/location-mobil-homes\/","url":"https:\/\/camping.gorges-du-tarn.fr\/location-mobil-homes\/","name":"Mobilheime | Sainte-Enimie | Tarn-Schluchten \u2013 Campingplatz Le Site de Castelbouc","isPartOf":{"@id":"https:\/\/camping.gorges-du-tarn.fr\/#website"},"primaryImageOfPage":{"@id":"https:\/\/camping.gorges-du-tarn.fr\/location-mobil-homes\/#primaryimage"},"image":{"@id":"https:\/\/camping.gorges-du-tarn.fr\/location-mobil-homes\/#primaryimage"},"thumbnailUrl":"https:\/\/camping.gorges-du-tarn.fr\/wp-content\/uploads\/2026\/03\/camping-castelbouc-mobil-homes-1200-350-1024x299.webp","datePublished":"2026-03-11T14:41:11+00:00","dateModified":"2026-04-06T13:36:51+00:00","description":"Familiengef\u00fchrter Campingplatz \u2605\u2605 in Sainte-Enimie (Loz\u00e8re) \u2013 Privatstrand am Tarn, Kanueinstiegsstelle direkt am Gel\u00e4nde, Mobilheime, Tipis und Stellpl\u00e4tze. WLAN, W\u00e4schem\u00f6glichkeiten, Wanderer willkommen. Kontakt: camping.de.castelbouc@gorges-du-tarn.fr","breadcrumb":{"@id":"https:\/\/camping.gorges-du-tarn.fr\/location-mobil-homes\/#breadcrumb"},"inLanguage":"de","potentialAction":[{"@type":"ReadAction","target":["https:\/\/camping.gorges-du-tarn.fr\/location-mobil-homes\/"]}]},{"@type":"ImageObject","inLanguage":"de","@id":"https:\/\/camping.gorges-du-tarn.fr\/location-mobil-homes\/#primaryimage","url":"https:\/\/camping.gorges-du-tarn.fr\/wp-content\/uploads\/2026\/03\/camping-castelbouc-mobil-homes-1200-350-1024x299.webp","contentUrl":"https:\/\/camping.gorges-du-tarn.fr\/wp-content\/uploads\/2026\/03\/camping-castelbouc-mobil-homes-1200-350-1024x299.webp"},{"@type":"BreadcrumbList","@id":"https:\/\/camping.gorges-du-tarn.fr\/location-mobil-homes\/#breadcrumb","itemListElement":[{"@type":"ListItem","position":1,"name":"Accueil","item":"https:\/\/camping.gorges-du-tarn.fr\/"},{"@type":"ListItem","position":2,"name":"Mobil homes | Sainte-Enimie | Gorges du Tarn"}]},{"@type":"WebSite","@id":"https:\/\/camping.gorges-du-tarn.fr\/#website","url":"https:\/\/camping.gorges-du-tarn.fr\/","name":"Camping Le Site de Castelbouc","description":"Sainte-Enimie \u2013 Loz\u00e8re \u2013 Okzitanien","publisher":{"@id":"https:\/\/camping.gorges-du-tarn.fr\/#organization"},"alternateName":"Camping de Castelbouc","potentialAction":[{"@type":"SearchAction","target":{"@type":"EntryPoint","urlTemplate":"https:\/\/camping.gorges-du-tarn.fr\/?s={search_term_string}"},"query-input":{"@type":"PropertyValueSpecification","valueRequired":true,"valueName":"search_term_string"}}],"inLanguage":"de"},{"@type":"Organization","@id":"https:\/\/camping.gorges-du-tarn.fr\/#organization","name":"Campingplatz \"Le Site de Castelbouc\"","alternateName":"Le Site de Castelbouc","url":"https:\/\/camping.gorges-du-tarn.fr\/","logo":{"@type":"ImageObject","inLanguage":"de","@id":"https:\/\/camping.gorges-du-tarn.fr\/#\/schema\/logo\/image\/","url":"https:\/\/camping.gorges-du-tarn.fr\/wp-content\/uploads\/2023\/03\/cropped-camping_le_site_de_castelbouc_logo_267x125.png","contentUrl":"https:\/\/camping.gorges-du-tarn.fr\/wp-content\/uploads\/2023\/03\/cropped-camping_le_site_de_castelbouc_logo_267x125.png","width":267,"height":125,"caption":"Camping \"Le Site de Castelbouc\""},"image":{"@id":"https:\/\/camping.gorges-du-tarn.fr\/#\/schema\/logo\/image\/"},"sameAs":["https:\/\/www.facebook.com\/Camping.Castelbouc.Gorges.du.Tarn\/"]}]}},"_links":{"self":[{"href":"https:\/\/camping.gorges-du-tarn.fr\/de\/wp-json\/wp\/v2\/pages\/2031","targetHints":{"allow":["GET"]}}],"collection":[{"href":"https:\/\/camping.gorges-du-tarn.fr\/de\/wp-json\/wp\/v2\/pages"}],"about":[{"href":"https:\/\/camping.gorges-du-tarn.fr\/de\/wp-json\/wp\/v2\/types\/page"}],"author":[{"embeddable":true,"href":"https:\/\/camping.gorges-du-tarn.fr\/de\/wp-json\/wp\/v2\/users\/2"}],"replies":[{"embeddable":true,"href":"https:\/\/camping.gorges-du-tarn.fr\/de\/wp-json\/wp\/v2\/comments?post=2031"}],"version-history":[{"count":0,"href":"https:\/\/camping.gorges-du-tarn.fr\/de\/wp-json\/wp\/v2\/pages\/2031\/revisions"}],"wp:attachment":[{"href":"https:\/\/camping.gorges-du-tarn.fr\/de\/wp-json\/wp\/v2\/media?parent=2031"}],"curies":[{"name":"wp","href":"https:\/\/api.w.org\/{rel}","templated":true}]}}